{"id":5392,"date":"2019-06-21T11:49:12","date_gmt":"2019-06-21T11:49:12","guid":{"rendered":"https:\/\/diaklakas.hu\/?page_id=5392"},"modified":"2019-06-21T12:31:11","modified_gmt":"2019-06-21T12:31:11","slug":"mi-van-az-arban","status":"publish","type":"page","link":"https:\/\/studentroomforrent.hu\/hu\/mi-van-az-arban\/","title":{"rendered":"Mi van az \u00e1rban?"},"content":{"rendered":"[vc_row][vc_column width=&#8221;1\/3&#8243;][vc_column_text]\n<h2>Mi van a szob\u00e1kban?<\/h2>\n<p>A szob\u00e1kban k\u00e9t \u00e1gy van, 2 db \u00edr\u00f3asztallal, sz\u00e9kkel, szekr\u00e9nyekkel, polcok amibe m\u00e9g lehet pakolni, minden szob\u00e1ban kis h\u0171t\u0151.<\/p>\n<p>Minden szoba z\u00e1rhat\u00f3 \u00e9s saj\u00e1t kulccsal rendelkezik.[\/vc_column_text][\/vc_column][vc_column width=&#8221;1\/3&#8243;][vc_column_text]\n<h2>Mi van a k\u00f6z\u00f6s helyis\u00e9gekben?<\/h2>\n<p>A lak\u00e1sban 4 f\u00fcrd\u0151szoba, 4 WC-vel \u00e1ll rendelkez\u00e9sre, van k\u00f6z\u00f6ss\u00e9gi t\u00e9r, konyha, nagy m\u00e9ret\u0171 h\u0171t\u0151szekr\u00e9nyek, teljes konyhai felszerel\u00e9s, ed\u00e9nyek, poharak, t\u00e1ny\u00e9rok, ev\u0151eszk\u00f6z\u00f6k, mer\u0151kanalak, t\u00e9sztasz\u0171r\u0151k, t\u00e1lc\u00e1k, v\u00e1g\u00f3deszk\u00e1k, k\u00e9sek, toj\u00e1s-s\u00fct\u0151k, mikroull\u00e1m\u00fa s\u00fct\u0151k, f\u0151z\u0151lap, k\u00e1v\u00e9f\u0151z\u0151, 2 db mos\u00f3g\u00e9p, mosogat\u00f3g\u00e9p, vasal\u00f3, keny\u00e9rpir\u00edt\u00f3, v\u00edzforral\u00f3k, a f\u00fcrd\u0151szob\u00e1kban hajsz\u00e1r\u00edt\u00f3k, sz\u00e1r\u00edt\u00f3g\u00e9p.[\/vc_column_text][\/vc_column][vc_column width=&#8221;1\/3&#8243;][vc_column_text]\n<h2>Mit tartalmaz az \u00e1r?<\/h2>\n<p>A havi b\u00e9rleti d\u00edj mindent rezsit \u00e9s j\u00e1rul\u00e9kos k\u00f6lts\u00e9get tartalmaz: k\u00f6z\u00f6s k\u00f6lts\u00e9g, villany, v\u00edz, wifi \u00e9s az \u00f6sszes eszk\u00f6z haszn\u00e1lat\u00e1t bele\u00e9rtve.<\/p>\n<p>A k\u00f6z\u00f6s haszn\u00e1lati helyis\u00e9gek heti k\u00e9tszeri takar\u00edt\u00e1sa benne van az \u00e1rban.[\/vc_column_text][\/vc_column][\/vc_row]\n","protected":false},"excerpt":{"rendered":"<p>[vc_row][vc_column width=&#8221;1\/3&#8243;][vc_column_text] Mi van a szob\u00e1kban? A szob\u00e1kban k\u00e9t \u00e1gy van, 2 db \u00edr\u00f3asztallal, sz\u00e9kkel, szekr\u00e9nyekkel, polcok amibe m\u00e9g lehet pakolni, minden szob\u00e1ban kis h\u0171t\u0151. Minden szoba z\u00e1rhat\u00f3 \u00e9s saj\u00e1t&#8230;<\/p>\n","protected":false},"author":1,"featured_media":0,"parent":0,"menu_order":0,"comment_status":"closed","ping_status":"closed","template":"","meta":{"_acf_changed":false,"footnotes":""},"class_list":["post-5392","page","type-page","status-publish"],"acf":[],"yoast_head":"<title>Mi van az \u00e1rban? - Di\u00e1klak\u00e1s Budapesten<\/title>\n<meta name=\"robots\" content=\"index, follow, max-snippet:-1, max-image-preview:large, max-video-preview:-1\" \/>\n<link rel=\"canonical\" href=\"https:\/\/studentroomforrent.hu\/hu\/mi-van-az-arban\/\" \/>\n<meta property=\"og:locale\" content=\"hu_HU\" \/>\n<meta property=\"og:type\" content=\"article\" \/>\n<meta property=\"og:title\" content=\"Mi van az \u00e1rban?\" \/>\n<meta property=\"og:description\" content=\"[vc_row][vc_column width=&#8221;1\/3&#8243;][vc_column_text] Mi van a szob\u00e1kban? A szob\u00e1kban k\u00e9t \u00e1gy van, 2 db \u00edr\u00f3asztallal, sz\u00e9kkel, szekr\u00e9nyekkel, polcok amibe m\u00e9g lehet pakolni, minden szob\u00e1ban kis h\u0171t\u0151. Minden szoba z\u00e1rhat\u00f3 \u00e9s saj\u00e1t...\" \/>\n<meta property=\"og:url\" content=\"https:\/\/studentroomforrent.hu\/hu\/mi-van-az-arban\/\" \/>\n<meta property=\"og:site_name\" content=\"Di\u00e1klak\u00e1s Budapesten\" \/>\n<meta property=\"article:publisher\" content=\"https:\/\/www.facebook.com\/studentroomforrentBudapest\" \/>\n<meta property=\"article:modified_time\" content=\"2019-06-21T12:31:11+00:00\" \/>\n<meta property=\"og:image\" content=\"https:\/\/studentroomforrent.hu\/wp-content\/uploads\/2022\/05\/Student_Dormitory_Budapest_ELTE_Corvinus_Vienna_room_T7I0925x.jpg\" \/>\n\t<meta property=\"og:image:width\" content=\"2000\" \/>\n\t<meta property=\"og:image:height\" content=\"1333\" \/>\n\t<meta property=\"og:image:type\" content=\"image\/jpeg\" \/>\n<meta name=\"twitter:card\" content=\"summary_large_image\" \/>\n<meta name=\"twitter:label1\" content=\"Becs\u00fclt olvas\u00e1si id\u0151\" \/>\n\t<meta name=\"twitter:data1\" content=\"1 perc\" \/>\n<script type=\"application\/ld+json\" class=\"yoast-schema-graph\">{\"@context\":\"https:\\\/\\\/schema.org\",\"@graph\":[{\"@type\":\"WebPage\",\"@id\":\"https:\\\/\\\/studentroomforrent.hu\\\/hu\\\/mi-van-az-arban\\\/\",\"url\":\"https:\\\/\\\/studentroomforrent.hu\\\/hu\\\/mi-van-az-arban\\\/\",\"name\":\"Mi van az \u00e1rban? - Di\u00e1klak\u00e1s Budapesten\",\"isPartOf\":{\"@id\":\"https:\\\/\\\/studentroomforrent.hu\\\/hu\\\/#website\"},\"datePublished\":\"2019-06-21T11:49:12+00:00\",\"dateModified\":\"2019-06-21T12:31:11+00:00\",\"breadcrumb\":{\"@id\":\"https:\\\/\\\/studentroomforrent.hu\\\/hu\\\/mi-van-az-arban\\\/#breadcrumb\"},\"inLanguage\":\"hu\",\"potentialAction\":[{\"@type\":\"ReadAction\",\"target\":[\"https:\\\/\\\/studentroomforrent.hu\\\/hu\\\/mi-van-az-arban\\\/\"]}]},{\"@type\":\"BreadcrumbList\",\"@id\":\"https:\\\/\\\/studentroomforrent.hu\\\/hu\\\/mi-van-az-arban\\\/#breadcrumb\",\"itemListElement\":[{\"@type\":\"ListItem\",\"position\":1,\"name\":\"Home\",\"item\":\"https:\\\/\\\/studentroomforrent.hu\\\/hu\\\/\"},{\"@type\":\"ListItem\",\"position\":2,\"name\":\"Mi van az \u00e1rban?\"}]},{\"@type\":\"WebSite\",\"@id\":\"https:\\\/\\\/studentroomforrent.hu\\\/hu\\\/#website\",\"url\":\"https:\\\/\\\/studentroomforrent.hu\\\/hu\\\/\",\"name\":\"Di\u00e1ksz\u00e1ll\u00e1s, di\u00e1klak\u00e1s Budapest Student Accommodation Budapest\",\"description\":\"Alb\u00e9rlet, ahol alap, hogy j\u00f3l \u00e9rzed magad!\",\"publisher\":{\"@id\":\"https:\\\/\\\/studentroomforrent.hu\\\/hu\\\/#organization\"},\"alternateName\":\"Student Accommodation, Student Housing Budapest\",\"potentialAction\":[{\"@type\":\"SearchAction\",\"target\":{\"@type\":\"EntryPoint\",\"urlTemplate\":\"https:\\\/\\\/studentroomforrent.hu\\\/hu\\\/?s={search_term_string}\"},\"query-input\":{\"@type\":\"PropertyValueSpecification\",\"valueRequired\":true,\"valueName\":\"search_term_string\"}}],\"inLanguage\":\"hu\"},{\"@type\":\"Organization\",\"@id\":\"https:\\\/\\\/studentroomforrent.hu\\\/hu\\\/#organization\",\"name\":\"Di\u00e1klak\u00e1s, di\u00e1ksz\u00e1ll\u00e1s Student Accommodation Budapest\",\"alternateName\":\"Student Accommodation, Student Housing Budapest\",\"url\":\"https:\\\/\\\/studentroomforrent.hu\\\/hu\\\/\",\"logo\":{\"@type\":\"ImageObject\",\"inLanguage\":\"hu\",\"@id\":\"https:\\\/\\\/studentroomforrent.hu\\\/hu\\\/#\\\/schema\\\/logo\\\/image\\\/\",\"url\":\"https:\\\/\\\/studentroomforrent.hu\\\/wp-content\\\/uploads\\\/2019\\\/05\\\/diaklakas-logo-vertical-color.png\",\"contentUrl\":\"https:\\\/\\\/studentroomforrent.hu\\\/wp-content\\\/uploads\\\/2019\\\/05\\\/diaklakas-logo-vertical-color.png\",\"width\":594,\"height\":477,\"caption\":\"Di\u00e1klak\u00e1s, di\u00e1ksz\u00e1ll\u00e1s Student Accommodation Budapest\"},\"image\":{\"@id\":\"https:\\\/\\\/studentroomforrent.hu\\\/hu\\\/#\\\/schema\\\/logo\\\/image\\\/\"},\"sameAs\":[\"https:\\\/\\\/www.facebook.com\\\/studentroomforrentBudapest\",\"https:\\\/\\\/www.youtube.com\\\/@studentaccommodationbudapest\",\"https:\\\/\\\/www.instagram.com\\\/diaklakas_student_apartments\\\/\"]}]}<\/script>","yoast_head_json":{"title":"Mi van az \u00e1rban? - Di\u00e1klak\u00e1s Budapesten","robots":{"index":"index","follow":"follow","max-snippet":"max-snippet:-1","max-image-preview":"max-image-preview:large","max-video-preview":"max-video-preview:-1"},"canonical":"https:\/\/studentroomforrent.hu\/hu\/mi-van-az-arban\/","og_locale":"hu_HU","og_type":"article","og_title":"Mi van az \u00e1rban?","og_description":"[vc_row][vc_column width=&#8221;1\/3&#8243;][vc_column_text] Mi van a szob\u00e1kban? A szob\u00e1kban k\u00e9t \u00e1gy van, 2 db \u00edr\u00f3asztallal, sz\u00e9kkel, szekr\u00e9nyekkel, polcok amibe m\u00e9g lehet pakolni, minden szob\u00e1ban kis h\u0171t\u0151. Minden szoba z\u00e1rhat\u00f3 \u00e9s saj\u00e1t...","og_url":"https:\/\/studentroomforrent.hu\/hu\/mi-van-az-arban\/","og_site_name":"Di\u00e1klak\u00e1s Budapesten","article_publisher":"https:\/\/www.facebook.com\/studentroomforrentBudapest","article_modified_time":"2019-06-21T12:31:11+00:00","og_image":[{"width":2000,"height":1333,"url":"https:\/\/studentroomforrent.hu\/wp-content\/uploads\/2022\/05\/Student_Dormitory_Budapest_ELTE_Corvinus_Vienna_room_T7I0925x.jpg","type":"image\/jpeg"}],"twitter_card":"summary_large_image","twitter_misc":{"Becs\u00fclt olvas\u00e1si id\u0151":"1 perc"},"schema":{"@context":"https:\/\/schema.org","@graph":[{"@type":"WebPage","@id":"https:\/\/studentroomforrent.hu\/hu\/mi-van-az-arban\/","url":"https:\/\/studentroomforrent.hu\/hu\/mi-van-az-arban\/","name":"Mi van az \u00e1rban? - Di\u00e1klak\u00e1s Budapesten","isPartOf":{"@id":"https:\/\/studentroomforrent.hu\/hu\/#website"},"datePublished":"2019-06-21T11:49:12+00:00","dateModified":"2019-06-21T12:31:11+00:00","breadcrumb":{"@id":"https:\/\/studentroomforrent.hu\/hu\/mi-van-az-arban\/#breadcrumb"},"inLanguage":"hu","potentialAction":[{"@type":"ReadAction","target":["https:\/\/studentroomforrent.hu\/hu\/mi-van-az-arban\/"]}]},{"@type":"BreadcrumbList","@id":"https:\/\/studentroomforrent.hu\/hu\/mi-van-az-arban\/#breadcrumb","itemListElement":[{"@type":"ListItem","position":1,"name":"Home","item":"https:\/\/studentroomforrent.hu\/hu\/"},{"@type":"ListItem","position":2,"name":"Mi van az \u00e1rban?"}]},{"@type":"WebSite","@id":"https:\/\/studentroomforrent.hu\/hu\/#website","url":"https:\/\/studentroomforrent.hu\/hu\/","name":"Di\u00e1ksz\u00e1ll\u00e1s, di\u00e1klak\u00e1s Budapest Student Accommodation Budapest","description":"Alb\u00e9rlet, ahol alap, hogy j\u00f3l \u00e9rzed magad!","publisher":{"@id":"https:\/\/studentroomforrent.hu\/hu\/#organization"},"alternateName":"Student Accommodation, Student Housing Budapest","potentialAction":[{"@type":"SearchAction","target":{"@type":"EntryPoint","urlTemplate":"https:\/\/studentroomforrent.hu\/hu\/?s={search_term_string}"},"query-input":{"@type":"PropertyValueSpecification","valueRequired":true,"valueName":"search_term_string"}}],"inLanguage":"hu"},{"@type":"Organization","@id":"https:\/\/studentroomforrent.hu\/hu\/#organization","name":"Di\u00e1klak\u00e1s, di\u00e1ksz\u00e1ll\u00e1s Student Accommodation Budapest","alternateName":"Student Accommodation, Student Housing Budapest","url":"https:\/\/studentroomforrent.hu\/hu\/","logo":{"@type":"ImageObject","inLanguage":"hu","@id":"https:\/\/studentroomforrent.hu\/hu\/#\/schema\/logo\/image\/","url":"https:\/\/studentroomforrent.hu\/wp-content\/uploads\/2019\/05\/diaklakas-logo-vertical-color.png","contentUrl":"https:\/\/studentroomforrent.hu\/wp-content\/uploads\/2019\/05\/diaklakas-logo-vertical-color.png","width":594,"height":477,"caption":"Di\u00e1klak\u00e1s, di\u00e1ksz\u00e1ll\u00e1s Student Accommodation Budapest"},"image":{"@id":"https:\/\/studentroomforrent.hu\/hu\/#\/schema\/logo\/image\/"},"sameAs":["https:\/\/www.facebook.com\/studentroomforrentBudapest","https:\/\/www.youtube.com\/@studentaccommodationbudapest","https:\/\/www.instagram.com\/diaklakas_student_apartments\/"]}]}},"_links":{"self":[{"href":"https:\/\/studentroomforrent.hu\/hu\/wp-json\/wp\/v2\/pages\/5392","targetHints":{"allow":["GET"]}}],"collection":[{"href":"https:\/\/studentroomforrent.hu\/hu\/wp-json\/wp\/v2\/pages"}],"about":[{"href":"https:\/\/studentroomforrent.hu\/hu\/wp-json\/wp\/v2\/types\/page"}],"author":[{"embeddable":true,"href":"https:\/\/studentroomforrent.hu\/hu\/wp-json\/wp\/v2\/users\/1"}],"replies":[{"embeddable":true,"href":"https:\/\/studentroomforrent.hu\/hu\/wp-json\/wp\/v2\/comments?post=5392"}],"version-history":[{"count":0,"href":"https:\/\/studentroomforrent.hu\/hu\/wp-json\/wp\/v2\/pages\/5392\/revisions"}],"wp:attachment":[{"href":"https:\/\/studentroomforrent.hu\/hu\/wp-json\/wp\/v2\/media?parent=5392"}],"curies":[{"name":"wp","href":"https:\/\/api.w.org\/{rel}","templated":true}]}}